{"id":365,"date":"2024-10-09T16:13:52","date_gmt":"2024-10-09T16:13:52","guid":{"rendered":"https:\/\/eibe.org.pl\/?page_id=365"},"modified":"2024-12-09T10:02:21","modified_gmt":"2024-12-09T10:02:21","slug":"eastern-partnership-2","status":"publish","type":"page","link":"https:\/\/eibe.org.pl\/pl\/?page_id=365","title":{"rendered":"Wsp\u00f3\u0142praca partnerska"},"content":{"rendered":"<div data-elementor-type=\"wp-page\" data-elementor-id=\"365\" class=\"elementor elementor-365\">\n\t\t\t\t<div class=\"elementor-element elementor-element-74a83ee e-flex e-con-boxed e-con e-parent\" data-id=\"74a83ee\" data-element_type=\"container\">\n\t\t\t\t\t<div class=\"e-con-inner\">\n\t\t\t\t<div class=\"elementor-element elementor-element-9289f7f elementor-widget elementor-widget-spacer\" data-id=\"9289f7f\" data-element_type=\"widget\" data-widget_type=\"spacer.default\">\n\t\t\t\t<div class=\"elementor-widget-container\">\n\t\t\t\t\t<div class=\"elementor-spacer\">\n\t\t\t<div class=\"elementor-spacer-inner\"><\/div>\n\t\t<\/div>\n\t\t\t\t<\/div>\n\t\t\t\t<\/div>\n\t\t\t\t<div class=\"elementor-element elementor-element-f684e33 elementor-invisible elementor-widget elementor-widget-heading\" data-id=\"f684e33\" data-element_type=\"widget\" data-settings=\"{&quot;_animation&quot;:&quot;rollIn&quot;}\" data-widget_type=\"heading.default\">\n\t\t\t\t<div class=\"elementor-widget-container\">\n\t\t\t<h1 class=\"elementor-heading-title elementor-size-default\">WSP\u00d3\u0141PRACA PARTNERSKA<\/h1>\t\t<\/div>\n\t\t\t\t<\/div>\n\t\t\t\t<div class=\"elementor-element elementor-element-af75398 elementor-widget elementor-widget-spacer\" data-id=\"af75398\" data-element_type=\"widget\" data-widget_type=\"spacer.default\">\n\t\t\t\t<div class=\"elementor-widget-container\">\n\t\t\t\t\t<div class=\"elementor-spacer\">\n\t\t\t<div class=\"elementor-spacer-inner\"><\/div>\n\t\t<\/div>\n\t\t\t\t<\/div>\n\t\t\t\t<\/div>\n\t\t\t\t\t<\/div>\n\t\t\t\t<\/div>\n\t\t\t\t<section class=\"elementor-section elementor-top-section elementor-element elementor-element-839e836 elementor-section-height-min-height elementor-section-boxed elementor-section-height-default elementor-section-items-middle\" data-id=\"839e836\" data-element_type=\"section\" data-settings=\"{&quot;background_background&quot;:&quot;classic&quot;}\">\n\t\t\t\t\t\t\t<div class=\"elementor-background-overlay\"><\/div>\n\t\t\t\t\t\t\t<div class=\"elementor-container elementor-column-gap-default\">\n\t\t\t\t\t<div class=\"elementor-column elementor-col-100 elementor-top-column elementor-element elementor-element-097eb28 elementor-invisible\" data-id=\"097eb28\" data-element_type=\"column\" data-settings=\"{&quot;animation&quot;:&quot;fadeIn&quot;,&quot;animation_delay&quot;:0}\">\n\t\t\t<div class=\"elementor-widget-wrap elementor-element-populated\">\n\t\t\t\t\t\t<div class=\"elementor-element elementor-element-bd0df46 elementor-widget elementor-widget-writing-effect-headline\" data-id=\"bd0df46\" data-element_type=\"widget\" data-widget_type=\"writing-effect-headline.default\">\n\t\t\t\t<div class=\"elementor-widget-container\">\n\t\t\t        <h3 class=\"futurio-extra-written-headline\" data-speed=\"43\" data-delay=\"2000\" data-loop=\"1\">\r\n                    <span class=\"before-written\">Badania nad edukacj\u0105 w biznesie i technologii.<\/span>\r\n        \r\n        \r\n                <\/h3>\r\n        \t\t<\/div>\n\t\t\t\t<\/div>\n\t\t\t\t<div class=\"elementor-element elementor-element-21c66b2 elementor-widget elementor-widget-spacer\" data-id=\"21c66b2\" data-element_type=\"widget\" data-widget_type=\"spacer.default\">\n\t\t\t\t<div class=\"elementor-widget-container\">\n\t\t\t\t\t<div class=\"elementor-spacer\">\n\t\t\t<div class=\"elementor-spacer-inner\"><\/div>\n\t\t<\/div>\n\t\t\t\t<\/div>\n\t\t\t\t<\/div>\n\t\t\t\t<div class=\"elementor-element elementor-element-0b84549 elementor-widget elementor-widget-image\" data-id=\"0b84549\" data-element_type=\"widget\" data-widget_type=\"image.default\">\n\t\t\t\t<div class=\"elementor-widget-container\">\n\t\t\t\t\t\t\t\t\t\t\t\t\t<img decoding=\"async\" width=\"300\" height=\"81\" src=\"https:\/\/eibe.org.pl\/wp-content\/uploads\/2024\/10\/logo-main-1-300x81.png\" class=\"attachment-medium size-medium wp-image-10\" alt=\"\" srcset=\"https:\/\/eibe.org.pl\/wp-content\/uploads\/2024\/10\/logo-main-1-300x81.png 300w, https:\/\/eibe.org.pl\/wp-content\/uploads\/2024\/10\/logo-main-1-1024x277.png 1024w, https:\/\/eibe.org.pl\/wp-content\/uploads\/2024\/10\/logo-main-1-768x208.png 768w, https:\/\/eibe.org.pl\/wp-content\/uploads\/2024\/10\/logo-main-1-1536x416.png 1536w, https:\/\/eibe.org.pl\/wp-content\/uploads\/2024\/10\/logo-main-1-2048x555.png 2048w\" sizes=\"(max-width: 300px) 100vw, 300px\" \/>\t\t\t\t\t\t\t\t\t\t\t\t\t<\/div>\n\t\t\t\t<\/div>\n\t\t\t\t\t<\/div>\n\t\t<\/div>\n\t\t\t\t\t<\/div>\n\t\t<\/section>\n\t\t<div class=\"elementor-element elementor-element-5714df3 e-flex e-con-boxed e-con e-parent\" data-id=\"5714df3\" data-element_type=\"container\">\n\t\t\t\t\t<div class=\"e-con-inner\">\n\t\t\t\t<div class=\"elementor-element elementor-element-9f9c98f elementor-widget elementor-widget-spacer\" data-id=\"9f9c98f\" data-element_type=\"widget\" data-widget_type=\"spacer.default\">\n\t\t\t\t<div class=\"elementor-widget-container\">\n\t\t\t\t\t<div class=\"elementor-spacer\">\n\t\t\t<div class=\"elementor-spacer-inner\"><\/div>\n\t\t<\/div>\n\t\t\t\t<\/div>\n\t\t\t\t<\/div>\n\t\t\t\t<div class=\"elementor-element elementor-element-11787cb elementor-widget elementor-widget-heading\" data-id=\"11787cb\" data-element_type=\"widget\" data-widget_type=\"heading.default\">\n\t\t\t\t<div class=\"elementor-widget-container\">\n\t\t\t<h2 class=\"elementor-heading-title elementor-size-default\">Partnerstwo Wschodnie<\/h2>\t\t<\/div>\n\t\t\t\t<\/div>\n\t\t\t\t\t<\/div>\n\t\t\t\t<\/div>\n\t\t<div class=\"elementor-element elementor-element-496ddaf e-flex e-con-boxed e-con e-parent\" data-id=\"496ddaf\" data-element_type=\"container\">\n\t\t\t\t\t<div class=\"e-con-inner\">\n\t\t\t\t<div class=\"elementor-element elementor-element-30d766c elementor-widget elementor-widget-spacer\" data-id=\"30d766c\" data-element_type=\"widget\" data-widget_type=\"spacer.default\">\n\t\t\t\t<div class=\"elementor-widget-container\">\n\t\t\t\t\t<div class=\"elementor-spacer\">\n\t\t\t<div class=\"elementor-spacer-inner\"><\/div>\n\t\t<\/div>\n\t\t\t\t<\/div>\n\t\t\t\t<\/div>\n\t\t\t\t<div class=\"elementor-element elementor-element-a8077b9 elementor-widget elementor-widget-text-editor\" data-id=\"a8077b9\" data-element_type=\"widget\" data-widget_type=\"text-editor.default\">\n\t\t\t\t<div class=\"elementor-widget-container\">\n\t\t\t\t\t\t\t<h4><strong>Partnerstwo Wschodnie (PW) to polityka zewn\u0119trzna Unii Europejskiej, realizowana w ramach Europejskiej Polityki S\u0105siedztwa, skierowana do sze\u015bciu kraj\u00f3w: Armenii, Azerbejd\u017canu, Bia\u0142orusi, Gruzji, Mo\u0142dawii i Ukrainy.<\/strong><\/h4><p>G\u0142\u00f3wnymi inicjatorami powstania PW jako ustrukturyzowanej polityki, kt\u00f3ra wspiera\u0142aby wsp\u00f3\u0142prac\u0119 regionaln\u0105 i s\u0142u\u017cy\u0142a wzmocnieniu relacji UE z jej wschodnioeuropejskimi partnerami, by\u0142y Polska i Szwecja. Inicjatywa przedstawiona podczas szczytu Rady Europejskiej w czerwcu 2008 r. uzyska\u0142a poparcie Komisji Europejskiej i pa\u0144stw cz\u0142onkowskich UE. Program zosta\u0142 oficjalnie zainaugurowany 7 maja 2009 r. w Pradze na szczycie szef\u00f3w pa\u0144stw i rz\u0105d\u00f3w UE oraz kraj\u00f3w partnerskich. Rok 2024 b\u0119dzie zatem oznacza\u0142 15 lat od inauguracji PW, kt\u00f3re dzi\u015b stoi przed nowymi wyzwaniami, przede wszystkim w wyniku trwaj\u0105cego rosyjskiego ataku na Ukrain\u0119. Kolejnym nowym czynnikiem jest rosn\u0105ce zr\u00f3\u017cnicowanie \u201e6\u201d kraj\u00f3w pod wzgl\u0119dem post\u0119p\u00f3w w procesie akcesji do UE. Najwi\u0119kszy post\u0119p na tej drodze odnotowa\u0142y Ukraina, Mo\u0142dawia i Gruzja. Decyzje Rady Europejskiej z grudnia 2023 r. o otwarciu negocjacji akcesyjnych z Ukrain\u0105 i Mo\u0142dawi\u0105 oraz przyznaniu statusu kandydata Gruzji by\u0142y r\u00f3wnie\u017c mo\u017cliwe dzi\u0119ki zaanga\u017cowaniu tych kraj\u00f3w w prace PW. Polska zamierza wykorzysta\u0107 okres swojej prezydencji w Radzie UE (pierwsza po\u0142owa 2025 r.) do pobudzenia dyskusji na temat przysz\u0142o\u015bci PW i lepszego okre\u015blenia jego roli w nowej sytuacji geopolitycznej. Szczeg\u00f3ln\u0105 uwag\u0119 przywi\u0105zujemy do rozwoju spo\u0142ecze\u0144stwa obywatelskiego i dialogu z organizacjami pozarz\u0105dowymi.<\/p><h4><strong>Filary PW<\/strong><\/h4><p><b>Wzmocnienie instytucji pa\u0144stwowych i dobrego rz\u0105dzenia<\/b><\/p><p>G\u0142\u00f3wnym celem tego filaru jest poprawa jako\u015bci instytucji pa\u0144stwowych poprzez wsparcie reform w administracji publicznej, s\u0142u\u017cbie cywilnej i s\u0105downictwie oraz walk\u0119 z korupcj\u0105. Wa\u017cn\u0105 cz\u0119\u015bci\u0105 jest wsp\u00f3\u0142praca w zakresie Wsp\u00f3lnej Polityki Bezpiecze\u0144stwa i Obrony.<\/p><p><b>Rozw\u00f3j gospodarczy \u2013 wykorzystanie szans rynkowych<\/b><\/p><p>Realizacja powy\u017cszego filaru ma na celu zapewnienie stabilno\u015bci makroekonomicznej w regionie poprzez wsparcie ma\u0142ych i \u015brednich przedsi\u0119biorstw, wyr\u00f3wnywanie szans na rynku pracy i r\u00f3\u017cnic rozwojowych mi\u0119dzy regionami oraz rozw\u00f3j rynku cyfrowego. G\u0142\u00f3wnym narz\u0119dziem s\u0105 umowy o g\u0142\u0119bokiej i kompleksowej strefie wolnego handlu podpisane z Gruzj\u0105, Mo\u0142dawi\u0105 i Ukrain\u0105, kt\u00f3rych wdro\u017cenie jest jednym z najwa\u017cniejszych zada\u0144 stoj\u0105cych przed krajami partnerskimi.<\/p><p><b>Rozbudowa po\u0142\u0105cze\u0144 (connectivity), kwestie energetyczne i \u015brodowiskowe<\/b><\/p><p>\u0141\u0105czno\u015b\u0107 obejmuje rozbudow\u0119 zar\u00f3wno po\u0142\u0105cze\u0144 \u201etwardych\u201d (transportowych, energetycznych, cyfrowych, interpersonalnych), jak i \u201emi\u0119kkich\u201d (standard\u00f3w, dobrych praktyk itp.). Ma to doprowadzi\u0107 do trwa\u0142ego powi\u0105zania prawnego i infrastrukturalnego mi\u0119dzy UE a krajami PW, co zaowocuje \u015bci\u015blejsz\u0105 wsp\u00f3\u0142prac\u0105 na p\u0142aszczy\u017anie spo\u0142ecznej, gospodarczej i politycznej.<\/p><p><b>Poprawa mobilno\u015bci i kontakt\u00f3w interpersonalnych<\/b><\/p><p>U\u0142atwienia wizowe, a tak\u017ce wzmocnienie infrastruktury komunikacyjnej (digitalizacja, zniesienie roamingu, budowa po\u0142\u0105cze\u0144) ma ostatecznie na celu zwi\u0119kszenie liczby wizyt obywateli wschodniego s\u0105siedztwa w Unii, a tym samym bezpo\u015brednich kontakt\u00f3w z jej mieszka\u0144cami. Wzmocnienie program\u00f3w wymiany m\u0142odzie\u017cy dodatkowo pozytywnie wp\u0142ywa na rozw\u00f3j relacji interpersonalnych.<\/p><p><strong>\u0179r\u00f3d\u0142o informacji:<\/strong><\/p><p><img decoding=\"async\" class=\"alignnone size-medium wp-image-369\" src=\"https:\/\/eibe.org.pl\/wp-content\/uploads\/2024\/10\/05_znak_uproszczony_kolor_biale_tlo_en-300x88.png\" alt=\"\" width=\"300\" height=\"88\" srcset=\"https:\/\/eibe.org.pl\/wp-content\/uploads\/2024\/10\/05_znak_uproszczony_kolor_biale_tlo_en-300x88.png 300w, https:\/\/eibe.org.pl\/wp-content\/uploads\/2024\/10\/05_znak_uproszczony_kolor_biale_tlo_en-1024x300.png 1024w, https:\/\/eibe.org.pl\/wp-content\/uploads\/2024\/10\/05_znak_uproszczony_kolor_biale_tlo_en-768x225.png 768w, https:\/\/eibe.org.pl\/wp-content\/uploads\/2024\/10\/05_znak_uproszczony_kolor_biale_tlo_en-18x5.png 18w, https:\/\/eibe.org.pl\/wp-content\/uploads\/2024\/10\/05_znak_uproszczony_kolor_biale_tlo_en.png 1476w\" sizes=\"(max-width: 300px) 100vw, 300px\" \/><\/p><p><a href=\"https:\/\/www.gov.pl\/web\/dyplomacja\/partnerstwo-wschodnie\">https:\/\/www.gov.pl\/web\/dyplomacja\/partnerstwo-wschodnie<\/a><\/p>\t\t\t\t\t\t<\/div>\n\t\t\t\t<\/div>\n\t\t\t\t\t<\/div>\n\t\t\t\t<\/div>\n\t\t<div class=\"elementor-element elementor-element-997e0ae e-flex e-con-boxed e-con e-parent\" data-id=\"997e0ae\" data-element_type=\"container\">\n\t\t\t\t\t<div class=\"e-con-inner\">\n\t\t\t\t<div class=\"elementor-element elementor-element-f0acc07 elementor-widget elementor-widget-spacer\" data-id=\"f0acc07\" data-element_type=\"widget\" data-widget_type=\"spacer.default\">\n\t\t\t\t<div class=\"elementor-widget-container\">\n\t\t\t\t\t<div class=\"elementor-spacer\">\n\t\t\t<div class=\"elementor-spacer-inner\"><\/div>\n\t\t<\/div>\n\t\t\t\t<\/div>\n\t\t\t\t<\/div>\n\t\t\t\t<div class=\"elementor-element elementor-element-b88769a elementor-widget elementor-widget-heading\" data-id=\"b88769a\" data-element_type=\"widget\" data-widget_type=\"heading.default\">\n\t\t\t\t<div class=\"elementor-widget-container\">\n\t\t\t<h2 class=\"elementor-heading-title elementor-size-default\">Forum Spo\u0142ecze\u0144stwa Obywatelskiego Partnerstwa Wschodniego<\/h2>\t\t<\/div>\n\t\t\t\t<\/div>\n\t\t\t\t\t<\/div>\n\t\t\t\t<\/div>\n\t\t<div class=\"elementor-element elementor-element-c93aa8e e-flex e-con-boxed e-con e-parent\" data-id=\"c93aa8e\" data-element_type=\"container\">\n\t\t\t\t\t<div class=\"e-con-inner\">\n\t\t\t\t<div class=\"elementor-element elementor-element-b8a6701 elementor-widget elementor-widget-spacer\" data-id=\"b8a6701\" data-element_type=\"widget\" data-widget_type=\"spacer.default\">\n\t\t\t\t<div class=\"elementor-widget-container\">\n\t\t\t\t\t<div class=\"elementor-spacer\">\n\t\t\t<div class=\"elementor-spacer-inner\"><\/div>\n\t\t<\/div>\n\t\t\t\t<\/div>\n\t\t\t\t<\/div>\n\t\t\t\t<div class=\"elementor-element elementor-element-1c9a7b8 elementor-widget elementor-widget-text-editor\" data-id=\"1c9a7b8\" data-element_type=\"widget\" data-widget_type=\"text-editor.default\">\n\t\t\t\t<div class=\"elementor-widget-container\">\n\t\t\t\t\t\t\t<div><div class=\"OvtS8d\">Forum Spo\u0142ecze\u0144stwa Obywatelskiego Partnerstwa Wschodniego dzia\u0142a od 2009 r. na rzecz propagowania idei demokratycznej, pokojowej i wzajemnie prosperuj\u0105cej Armenii, Azerbejd\u017canu, Bia\u0142orusi, Gruzji, Mo\u0142dawii i Ukrainy.<\/div><\/div><div class=\"uk-panel uk-text-lead uk-margin uk-width-2xlarge uk-margin-auto uk-scrollspy-inview\"><p>Wsp\u00f3\u0142pracujemy z 1200 organizacjami spo\u0142ecze\u0144stwa obywatelskiego w Europie i Partnerstwie Wschodnim, co czyni nas najwi\u0119ksz\u0105 platform\u0105 wspieraj\u0105c\u0105 przemiany demokratyczne i integracj\u0119 europejsk\u0105 w Partnerstwie Wschodnim.<\/p><\/div><p><strong>\u0179r\u00f3d\u0142o informacji:<\/strong><\/p><p><strong> <a href=\"https:\/\/eap-csf.eu\">https:\/\/eap-csf.eu\/<\/a><\/strong><\/p><p><img fetchpriority=\"high\" decoding=\"async\" class=\"alignnone wp-image-582 size-medium\" src=\"https:\/\/eibe.org.pl\/wp-content\/uploads\/2024\/12\/eap-csf_main-logo-lightg-9a99ad42-300x187.png\" alt=\"\" width=\"300\" height=\"187\" srcset=\"https:\/\/eibe.org.pl\/wp-content\/uploads\/2024\/12\/eap-csf_main-logo-lightg-9a99ad42-300x187.png 300w, https:\/\/eibe.org.pl\/wp-content\/uploads\/2024\/12\/eap-csf_main-logo-lightg-9a99ad42-18x12.png 18w, https:\/\/eibe.org.pl\/wp-content\/uploads\/2024\/12\/eap-csf_main-logo-lightg-9a99ad42.png 600w\" sizes=\"(max-width: 300px) 100vw, 300px\" \/><\/p>\t\t\t\t\t\t<\/div>\n\t\t\t\t<\/div>\n\t\t\t\t<div class=\"elementor-element elementor-element-0c657eb elementor-widget elementor-widget-spacer\" data-id=\"0c657eb\" data-element_type=\"widget\" data-widget_type=\"spacer.default\">\n\t\t\t\t<div class=\"elementor-widget-container\">\n\t\t\t\t\t<div class=\"elementor-spacer\">\n\t\t\t<div class=\"elementor-spacer-inner\"><\/div>\n\t\t<\/div>\n\t\t\t\t<\/div>\n\t\t\t\t<\/div>\n\t\t\t\t\t<\/div>\n\t\t\t\t<\/div>\n\t\t<div class=\"elementor-element elementor-element-1af6deb e-flex e-con-boxed e-con e-parent\" data-id=\"1af6deb\" data-element_type=\"container\">\n\t\t\t\t\t<div class=\"e-con-inner\">\n\t\t\t\t<div class=\"elementor-element elementor-element-943a838 elementor-widget elementor-widget-spacer\" data-id=\"943a838\" data-element_type=\"widget\" data-widget_type=\"spacer.default\">\n\t\t\t\t<div class=\"elementor-widget-container\">\n\t\t\t\t\t<div class=\"elementor-spacer\">\n\t\t\t<div class=\"elementor-spacer-inner\"><\/div>\n\t\t<\/div>\n\t\t\t\t<\/div>\n\t\t\t\t<\/div>\n\t\t\t\t<div class=\"elementor-element elementor-element-edc306c elementor-widget elementor-widget-heading\" data-id=\"edc306c\" data-element_type=\"widget\" data-widget_type=\"heading.default\">\n\t\t\t\t<div class=\"elementor-widget-container\">\n\t\t\t<h2 class=\"elementor-heading-title elementor-size-default\">Partner wydawnictwa:\nConsortio \u2013 Dziennik Ekonomii, Nauk Spo\u0142ecznych,\nPrawo i O\u015bwiata<\/h2>\t\t<\/div>\n\t\t\t\t<\/div>\n\t\t\t\t\t<\/div>\n\t\t\t\t<\/div>\n\t\t<div class=\"elementor-element elementor-element-72811b3 e-flex e-con-boxed e-con e-parent\" data-id=\"72811b3\" data-element_type=\"container\">\n\t\t\t\t\t<div class=\"e-con-inner\">\n\t\t\t\t<div class=\"elementor-element elementor-element-04514ad elementor-widget elementor-widget-spacer\" data-id=\"04514ad\" data-element_type=\"widget\" data-widget_type=\"spacer.default\">\n\t\t\t\t<div class=\"elementor-widget-container\">\n\t\t\t\t\t<div class=\"elementor-spacer\">\n\t\t\t<div class=\"elementor-spacer-inner\"><\/div>\n\t\t<\/div>\n\t\t\t\t<\/div>\n\t\t\t\t<\/div>\n\t\t\t\t<div class=\"elementor-element elementor-element-0ea358f elementor-widget elementor-widget-text-editor\" data-id=\"0ea358f\" data-element_type=\"widget\" data-widget_type=\"text-editor.default\">\n\t\t\t\t<div class=\"elementor-widget-container\">\n\t\t\t\t\t\t\t<h4>Consortio \u2013 Journal of Economics, Social Sciences, Law and Education<\/h4><div>The periodical\u00a0<strong>\u201eConsortio \u2013 Journal of Economics, Social Sciences, Law and Education\u201d<\/strong>\u00a0jest interdyscyplinarnym czasopismem naukowym, kt\u00f3rego celem jest omawianie istotnych problem\u00f3w w wybranych dziedzinach nauki oraz prezentowanie praktyk; badaczy, ekspert\u00f3w i decydent\u00f3w najnowszej wiedzy na temat stanu i perspektyw rozwoju gospodarki, polityki spo\u0142ecznej, ekonomii spo\u0142ecznej, pedagogiki i edukacji, socjologii, prawa i polityki regionalnej w ca\u0142ej Europie, ze szczeg\u00f3lnym uwzgl\u0119dnieniem Europy Wschodniej i \u015arodkowej, a tak\u017ce Izraela i Turcji.<\/div><div>\u00a0<\/div><div>Czasopismo s\u0142u\u017cy r\u00f3wnie\u017c jako forum dyskusji i wymiany pogl\u0105d\u00f3w na te wa\u017cne zagadnienia naukowe. Zapewnia wszystkim zainteresowanym mo\u017cliwo\u015b\u0107 wyra\u017cenia swoich pogl\u0105d\u00f3w i przedstawienia bada\u0144, a tak\u017ce argument\u00f3w \u2013 opartych na wiedzy, do\u015bwiadczeniu i wynikach bada\u0144 \u2013 do wykorzystania w dyskusji. Chcemy prezentowa\u0107 r\u00f3\u017cne pogl\u0105dy, prezentowa\u0107 powstawanie nowych rozwi\u0105za\u0144 oraz ocen\u0119 istniej\u0105cych pogl\u0105d\u00f3w naukowych i wiedzy na temat wybranych dziedzin nauki. Jeste\u015bmy otwarci na r\u00f3\u017cnorodno\u015b\u0107 i innowacyjne podej\u015bcie do temat\u00f3w badawczych prezentowanych dziedzin naukowych.<\/div><div>\u00a0<\/div><div>Pobranie artyku\u0142u jest bezp\u0142atne i nie ma limitu na liczb\u0119 pobranych artyku\u0142\u00f3w. Czasopismo mo\u017ce, w uzasadnionych przypadkach, u\u017cywa\u0107 skr\u00f3conej nazwy \u201eConsortio\u201d.<\/div><div>\u00a0<\/div><div>Jeste\u015bmy przekonani, \u017ce tylko edukacja daje szans\u0119 na rozw\u00f3j naukowy i spo\u0142eczny oraz zmniejsza r\u00f3\u017cnice spo\u0142eczne. Poprzez edukacj\u0119 i nauk\u0119 mo\u017cliwy jest post\u0119p i rozw\u00f3j jednostek i pa\u0144stw. St\u0105d te\u017c nasza dzia\u0142alno\u015b\u0107 wydawnicza b\u0119dzie mia\u0142a istotny charakter, tak\u017ce w kontek\u015bcie wsp\u00f3\u0142pracy mi\u0119dzynarodowej.<\/div><p><strong>\u0179r\u00f3d\u0142o informacji:\u00a0<\/strong><\/p><p><a href=\"https:\/\/fzzpublishing.eu\/\" target=\"_blank\" rel=\"noopener\">https:\/\/fzzpublishing.eu\/<\/a><\/p><p>\u00a0<\/p><p><img loading=\"lazy\" decoding=\"async\" class=\"alignnone wp-image-421 size-medium\" src=\"https:\/\/eibe.org.pl\/wp-content\/uploads\/2024\/10\/consortio-logo-1-300x139.png\" alt=\"\" width=\"300\" height=\"139\" srcset=\"https:\/\/eibe.org.pl\/wp-content\/uploads\/2024\/10\/consortio-logo-1-300x139.png 300w, https:\/\/eibe.org.pl\/wp-content\/uploads\/2024\/10\/consortio-logo-1-1024x475.png 1024w, https:\/\/eibe.org.pl\/wp-content\/uploads\/2024\/10\/consortio-logo-1-768x356.png 768w, https:\/\/eibe.org.pl\/wp-content\/uploads\/2024\/10\/consortio-logo-1-1536x712.png 1536w, https:\/\/eibe.org.pl\/wp-content\/uploads\/2024\/10\/consortio-logo-1-18x8.png 18w, https:\/\/eibe.org.pl\/wp-content\/uploads\/2024\/10\/consortio-logo-1.png 1825w\" sizes=\"(max-width: 300px) 100vw, 300px\" \/><\/p><p>\u00a0<\/p><p>\u00a0<\/p>\t\t\t\t\t\t<\/div>\n\t\t\t\t<\/div>\n\t\t\t\t<div class=\"elementor-element elementor-element-2659a9c elementor-widget elementor-widget-heading\" data-id=\"2659a9c\" data-element_type=\"widget\" data-widget_type=\"heading.default\">\n\t\t\t\t<div class=\"elementor-widget-container\">\n\t\t\t<h2 class=\"elementor-heading-title elementor-size-default\">Nasi partnerzy<\/h2>\t\t<\/div>\n\t\t\t\t<\/div>\n\t\t\t\t\t<\/div>\n\t\t\t\t<\/div>\n\t\t<div class=\"elementor-element elementor-element-ecd7a36 e-flex e-con-boxed e-con e-parent\" data-id=\"ecd7a36\" data-element_type=\"container\">\n\t\t\t\t\t<div class=\"e-con-inner\">\n\t\t\t\t<div class=\"elementor-element elementor-element-62cbe9e elementor-widget elementor-widget-spacer\" data-id=\"62cbe9e\" data-element_type=\"widget\" data-widget_type=\"spacer.default\">\n\t\t\t\t<div class=\"elementor-widget-container\">\n\t\t\t\t\t<div class=\"elementor-spacer\">\n\t\t\t<div class=\"elementor-spacer-inner\"><\/div>\n\t\t<\/div>\n\t\t\t\t<\/div>\n\t\t\t\t<\/div>\n\t\t\t\t<div class=\"elementor-element elementor-element-8a6f720 elementor-widget elementor-widget-text-editor\" data-id=\"8a6f720\" data-element_type=\"widget\" data-widget_type=\"text-editor.default\">\n\t\t\t\t<div class=\"elementor-widget-container\">\n\t\t\t\t\t\t\t<h4 class=\"elementor-heading-title elementor-size-default elementor-inline-editing pen\" data-elementor-setting-key=\"title\" data-pen-placeholder=\"Pisz tutaj...\">Uniwersytet Kardyna\u0142a Stefana Wyszy\u0144skiego w Warszawie<\/h4><p>Uniwersytet Kardyna\u0142a Stefana Wyszy\u0144skiego w Warszawie kszta\u0142ci 11 000 student\u00f3w na 95 kierunkach, m.in.: medycynie, psychologii, prawie, dziennikarstwie, in\u017cynierii \u015brodowiska, filologii w\u0142oskiej i ekonomii. Uniwersytet Kardyna\u0142a Stefana Wyszy\u0144skiego w Warszawie wyr\u00f3\u017cnia do\u015bwiadczona, wysokospecjalistyczna kadra akademicka oraz nowoczesne zaplecze naukowe. Korzenie UKSW si\u0119gaj\u0105 Akademii Teologii Katolickiej, kt\u00f3ra w 1999 roku przekszta\u0142ci\u0142a si\u0119 w uczelni\u0119 o szerokim profilu. Obecnie posiada 12 wydzia\u0142\u00f3w: Biologii i Nauk o \u015arodowisku, Matematyki i Nauk Przyrodniczych. Szko\u0142a Nauk \u015acis\u0142ych, Wydzia\u0142 Lekarski. Collegium Medicum, Nauk Historycznych, Humanistycznych, Nauk Pedagogicznych, Prawa i Administracji, Wydzia\u0142 Studi\u00f3w Spo\u0142eczno-Ekonomicznych oraz cztery tak zwane wydzia\u0142y ko\u015bcielne \u2013 Teologii, Prawa Kanonicznego, Nauk o Rodzinie i Filozofii Chrze\u015bcija\u0144skiej, kt\u00f3re opr\u00f3cz nadzoru ministerstwa O\u015bwiaty i Nauki, podlegaj\u0105 w\u0142adzy w\u0142adzy ko\u015bcielnej. Najm\u0142odsz\u0105 jednostk\u0105 jest Wydzia\u0142 Lekarski UKSW. Collegium Medicum. Studenci UKSW zdobywaj\u0105 wiedz\u0119 w systemie stacjonarnym i niestacjonarnym, na jednolitych studiach magisterskich oraz studiach I i II stopnia. Uczelnia daje tak\u017ce mo\u017cliwo\u015b\u0107 podnoszenia kwalifikacji zawodowych na studiach podyplomowych oraz w Szkole Doktorskiej. Kadr\u0119 dydaktyczno-badawcz\u0105 UKSW tworzy oko\u0142o 760 nauczycieli akademickich, z kt\u00f3rych wielu corocznie otrzymuje presti\u017cowe nagrody za dzia\u0142alno\u015b\u0107 naukow\u0105, badawcz\u0105 i dydaktyczn\u0105. UKSW posiada 14 uprawnie\u0144 do nadawania stopnia doktora i 10 uprawnie\u0144 do nadawania stopnia doktora habilitowanego. W ostatnich latach Uniwersytet Kardyna\u0142a Stefana Wyszy\u0144skiego przekszta\u0142ci\u0142 si\u0119 w nowoczesny o\u015brodek naukowo-badawczy. Infrastruktur\u0119 UKSW tworz\u0105 trzy kampusy: na Bielanach przy ulicy Dewajtis 5, na M\u0142ocinach przy ulicy W\u00f3ycickiego 1\/3 oraz w Dziekanowie Le\u015bnym pod Warszaw\u0105. Na kampusie W\u00f3ycickiego w Mazowieckim Centrum Nauk Przyrodniczych, wyposa\u017conym w najnowocze\u015bniejszy sprz\u0119t do prowadzenia analiz i do\u015bwiadcze\u0144, prowadzone s\u0105 zaj\u0119cia praktyczne dla student\u00f3w nauk \u015bcis\u0142ych i medycznych. Najnowsz\u0105 inwestycj\u0105 na terenie kampusu W\u00f3ycickiego jest nowoczesny budynek Collegium Medicum, otwarty wiosn\u0105 2022 roku. Na terenie kampusu w Dziekanowie Le\u015bnym, kt\u00f3ry ma charakter badawczo-naukowy, uruchomiono Multidyscyplinarne Centrum Badawcze. Jego celem jest wdra\u017canie innowacyjnych rozwi\u0105za\u0144 technologii cyfrowych i informatycznych do otoczenia spo\u0142eczno-gospodarczego. Uczelnia posiada tak\u017ce nowoczesn\u0105 Hal\u0119 Sportow\u0105 z widowni\u0105 na 230 miejsc oraz studiem radiowo-telewizyjnym. Uniwersytet Kardyna\u0142a Stefana Wyszy\u0144skiego w Warszawie jest jednocze\u015bnie pa\u0144stwowy i katolicki, ze wzgl\u0119du na swoje korzenie i obecne powo\u0142anie. Nasza to\u017csamo\u015b\u0107 wynika z poszukiwania prawdy o cz\u0142owieku i poszukiwania Boga we wszystkich wymiarach funkcjonowania wsp\u00f3\u0142czesnego spo\u0142ecze\u0144stwa. Misj\u0105 Uniwersytetu jest prowadzenie bada\u0144 i kszta\u0142cenie przysz\u0142ych elit intelektualnych dla pa\u0144stwa, \u015bwiata i Ko\u015bcio\u0142a.<\/p><p><strong>\u0179r\u00f3d\u0142o informacji: <a href=\"http:\/\/www.uksw.edu.pl\" target=\"_blank\" rel=\"noopener\">http:\/\/www.uksw.edu.pl<\/a><\/strong><\/p><p><img loading=\"lazy\" decoding=\"async\" class=\"alignnone wp-image-412 size-full\" src=\"https:\/\/eibe.org.pl\/wp-content\/uploads\/2024\/10\/UKSW-1-300x300-1.jpg\" alt=\"\" width=\"300\" height=\"300\" srcset=\"https:\/\/eibe.org.pl\/wp-content\/uploads\/2024\/10\/UKSW-1-300x300-1.jpg 300w, https:\/\/eibe.org.pl\/wp-content\/uploads\/2024\/10\/UKSW-1-300x300-1-150x150.jpg 150w, https:\/\/eibe.org.pl\/wp-content\/uploads\/2024\/10\/UKSW-1-300x300-1-12x12.jpg 12w\" sizes=\"(max-width: 300px) 100vw, 300px\" \/><\/p>\t\t\t\t\t\t<\/div>\n\t\t\t\t<\/div>\n\t\t\t\t\t<\/div>\n\t\t\t\t<\/div>\n\t\t<div class=\"elementor-element elementor-element-5e41f1e e-flex e-con-boxed e-con e-parent\" data-id=\"5e41f1e\" data-element_type=\"container\">\n\t\t\t\t\t<div class=\"e-con-inner\">\n\t\t\t\t<div class=\"elementor-element elementor-element-60a71bc elementor-widget elementor-widget-spacer\" data-id=\"60a71bc\" data-element_type=\"widget\" data-widget_type=\"spacer.default\">\n\t\t\t\t<div class=\"elementor-widget-container\">\n\t\t\t\t\t<div class=\"elementor-spacer\">\n\t\t\t<div class=\"elementor-spacer-inner\"><\/div>\n\t\t<\/div>\n\t\t\t\t<\/div>\n\t\t\t\t<\/div>\n\t\t\t\t<div class=\"elementor-element elementor-element-025aa47 elementor-widget elementor-widget-text-editor\" data-id=\"025aa47\" data-element_type=\"widget\" data-widget_type=\"text-editor.default\">\n\t\t\t\t<div class=\"elementor-widget-container\">\n\t\t\t\t\t\t\t<h4 class=\"elementor-heading-title elementor-size-default elementor-inline-editing pen\" data-elementor-setting-key=\"title\" data-pen-placeholder=\"Pisz tutaj...\">Europ\u00e4isches Haus Esthal GMBH<\/h4><p>Organizacja jest nowo powsta\u0142\u0105 firm\u0105 o silnych podstawach ideologicznych i solidnej bazie kadrowej. Pomimo swojej struktury biznesowej, kieruje si\u0119 przede wszystkim celami prospo\u0142ecznymi, koncentruj\u0105c si\u0119 na prowadzeniu centrum Esthal przy jednoczesnym promowaniu takich warto\u015bci, jak dialog, szacunek i interakcja. Celem organizacji jest tak\u017ce identyfikowanie, piel\u0119gnowanie i promowanie warto\u015bci europejskich poprzez wydarzenia takie jak spotkania, sympozja i sesje szkoleniowe. Aktywnie wspiera inicjatywy wymiany mi\u0119dzynarodowej, projekty ekologiczne i zr\u00f3wnowa\u017cony rozw\u00f3j. Organizacja powsta\u0142a jako kontynuacja dzia\u0142alno\u015bci za\u0142o\u017cycieli, wykorzystuj\u0105c struktur\u0119 prawn\u0105 do kontynuowania misji o\u015brodka ko\u015bcielnego nawet po jego likwidacji. Pomimo m\u0142odego wieku organizacja jest skuteczna, organizuje wydarzenia mi\u0119dzypokoleniowe i rodzinne, traktuj\u0105c priorytetowo lokalne zatrudnienie i wnosz\u0105c wk\u0142ad w struktur\u0119 spo\u0142eczno-gospodarcz\u0105 spo\u0142eczno\u015bci. Prezes dr Jaros\u0142aw Krzewicki to kluczowa posta\u0107 posiadaj\u0105ca wiedz\u0119 z zakresu prawa, teologii oraz du\u017ce do\u015bwiadczenie w promowaniu duchowo\u015bci, nauki i dialogu mi\u0119dzykulturowego.<\/p><p><strong>\u0179r\u00f3d\u0142o informacji:\u00a0<\/strong><\/p><p><a href=\"http:\/\/www.eh-esthal.de\" target=\"_blank\" rel=\"noopener\">www.eh-esthal.de<\/a><\/p><p><img loading=\"lazy\" decoding=\"async\" class=\"alignnone wp-image-414 size-medium\" src=\"https:\/\/eibe.org.pl\/wp-content\/uploads\/2024\/10\/EHE-no-background-300x300.png\" alt=\"\" width=\"300\" height=\"300\" srcset=\"https:\/\/eibe.org.pl\/wp-content\/uploads\/2024\/10\/EHE-no-background-300x300.png 300w, https:\/\/eibe.org.pl\/wp-content\/uploads\/2024\/10\/EHE-no-background-1024x1024.png 1024w, https:\/\/eibe.org.pl\/wp-content\/uploads\/2024\/10\/EHE-no-background-150x150.png 150w, https:\/\/eibe.org.pl\/wp-content\/uploads\/2024\/10\/EHE-no-background-768x768.png 768w, https:\/\/eibe.org.pl\/wp-content\/uploads\/2024\/10\/EHE-no-background-1536x1536.png 1536w, https:\/\/eibe.org.pl\/wp-content\/uploads\/2024\/10\/EHE-no-background-12x12.png 12w, https:\/\/eibe.org.pl\/wp-content\/uploads\/2024\/10\/EHE-no-background.png 2000w\" sizes=\"(max-width: 300px) 100vw, 300px\" \/><\/p>\t\t\t\t\t\t<\/div>\n\t\t\t\t<\/div>\n\t\t\t\t\t<\/div>\n\t\t\t\t<\/div>\n\t\t<div class=\"elementor-element elementor-element-73f111a e-flex e-con-boxed e-con e-parent\" data-id=\"73f111a\" data-element_type=\"container\">\n\t\t\t\t\t<div class=\"e-con-inner\">\n\t\t\t\t<div class=\"elementor-element elementor-element-e2762be elementor-widget elementor-widget-spacer\" data-id=\"e2762be\" data-element_type=\"widget\" data-widget_type=\"spacer.default\">\n\t\t\t\t<div class=\"elementor-widget-container\">\n\t\t\t\t\t<div class=\"elementor-spacer\">\n\t\t\t<div class=\"elementor-spacer-inner\"><\/div>\n\t\t<\/div>\n\t\t\t\t<\/div>\n\t\t\t\t<\/div>\n\t\t\t\t<div class=\"elementor-element elementor-element-1f1dc91 elementor-widget elementor-widget-text-editor\" data-id=\"1f1dc91\" data-element_type=\"widget\" data-widget_type=\"text-editor.default\">\n\t\t\t\t<div class=\"elementor-widget-container\">\n\t\t\t\t\t\t\t<h4 class=\"elementor-heading-title elementor-size-default elementor-inline-editing pen\" data-elementor-setting-key=\"title\" data-pen-placeholder=\"Pisz tutaj...\">Rezeknes Tehnologiju Akademija<\/h4><p>Akademia Technologiczna Rezekne jest dynamiczn\u0105, aktywn\u0105 i rozwijaj\u0105c\u0105 si\u0119 pa\u0144stwow\u0105 instytucj\u0105 szkolnictwa wy\u017cszego nieuniwersyteckiego od 1925 roku z nieograniczon\u0105 mi\u0119dzynarodow\u0105 akredytacj\u0105 zlokalizowan\u0105 na \u0141otwie \u2013 pi\u0119knym i bezpiecznym kraju b\u0119d\u0105cym jednym z pa\u0144stw cz\u0142onkowskich Unii Europejskiej i po\u0142o\u017conym w na p\u00f3\u0142noc Europy \u2013 nad brzegiem Morza Ba\u0142tyckiego. Na trzech wydzia\u0142ach Akademia prowadzi studia ko\u0144cz\u0105ce si\u0119 tytu\u0142em licencjata, magistra lub doktora. RTA to \u015bwietne miejsce dla tych, kt\u00f3rzy szukaj\u0105 konkurencyjnego wykszta\u0142cenia akademickiego lub zawodowego na poziomie europejskim oraz mo\u017cliwo\u015bci prowadzenia bada\u0144 w dziedzinach nauk o edukacji, nauk humanistycznych i artystycznych, nauk spo\u0142ecznych, in\u017cynierii, nauk o informacji i komunikacji, produkcji i budownictwa.<\/p><p><strong>\u0179r\u00f3d\u0142o informacji:\u00a0<\/strong><\/p><p><a href=\"http:\/\/www.rta.lv\/\" target=\"_blank\" rel=\"noopener\">www.rta.lv<\/a><\/p><p>\u00a0<\/p><p>\u00a0<\/p><p><img loading=\"lazy\" decoding=\"async\" class=\"alignnone wp-image-415 size-medium\" src=\"https:\/\/eibe.org.pl\/wp-content\/uploads\/2024\/10\/ang-300x139.jpg\" alt=\"\" width=\"300\" height=\"139\" srcset=\"https:\/\/eibe.org.pl\/wp-content\/uploads\/2024\/10\/ang-300x139.jpg 300w, https:\/\/eibe.org.pl\/wp-content\/uploads\/2024\/10\/ang-1024x473.jpg 1024w, https:\/\/eibe.org.pl\/wp-content\/uploads\/2024\/10\/ang-768x355.jpg 768w, https:\/\/eibe.org.pl\/wp-content\/uploads\/2024\/10\/ang-18x8.jpg 18w, https:\/\/eibe.org.pl\/wp-content\/uploads\/2024\/10\/ang.jpg 1449w\" sizes=\"(max-width: 300px) 100vw, 300px\" \/><\/p><p>\u00a0<\/p><p>\u00a0<\/p>\t\t\t\t\t\t<\/div>\n\t\t\t\t<\/div>\n\t\t\t\t\t<\/div>\n\t\t\t\t<\/div>\n\t\t<div class=\"elementor-element elementor-element-78c7135 e-flex e-con-boxed e-con e-parent\" data-id=\"78c7135\" data-element_type=\"container\">\n\t\t\t\t\t<div class=\"e-con-inner\">\n\t\t\t\t<div class=\"elementor-element elementor-element-3852803 elementor-widget elementor-widget-spacer\" data-id=\"3852803\" data-element_type=\"widget\" data-widget_type=\"spacer.default\">\n\t\t\t\t<div class=\"elementor-widget-container\">\n\t\t\t\t\t<div class=\"elementor-spacer\">\n\t\t\t<div class=\"elementor-spacer-inner\"><\/div>\n\t\t<\/div>\n\t\t\t\t<\/div>\n\t\t\t\t<\/div>\n\t\t\t\t<div class=\"elementor-element elementor-element-e73aa74 elementor-widget elementor-widget-text-editor\" data-id=\"e73aa74\" data-element_type=\"widget\" data-widget_type=\"text-editor.default\">\n\t\t\t\t<div class=\"elementor-widget-container\">\n\t\t\t\t\t\t\t<h4 class=\"elementor-heading-title elementor-size-default elementor-inline-editing pen\" data-elementor-setting-key=\"title\" data-pen-placeholder=\"Pisz tutaj...\">Sumski Uniwersytet Pa\u0144stwowy<\/h4><p>\u00a0<\/p><p>Sumski Uniwersytet Pa\u0144stwowy (SumDU) to uczelnia wy\u017csza typu klasycznego zlokalizowana w mie\u015bcie Sumy, w p\u00f3\u0142nocno-wschodniej cz\u0119\u015bci Ukrainy. Jej historia si\u0119ga 1948 roku, kiedy to rozpocz\u0119\u0142a kszta\u0142cenie in\u017cynier\u00f3w, aby sprosta\u0107 wymaganiom regionalnego przemys\u0142u. Po szeregu przekszta\u0142ce\u0144 jako uczelnia politechniczna, w 1993 roku Sumy State University uzyska\u0142 status uczelni kompleksowej. Dzi\u015b Uniwersytet kieruje si\u0119 ideologi\u0105 instytucji badawczej, w kt\u00f3rej dominuje dzia\u0142alno\u015b\u0107 naukowa po\u0142\u0105czona z szerok\u0105 wsp\u00f3\u0142prac\u0105 mi\u0119dzynarodow\u0105 i ukierunkowaniem na innowacyjne technologie, w szczeg\u00f3lno\u015bci ICT. Dzia\u0142alno\u015b\u0107 badawcza i edukacyjna SumDU obejmuje szeroki zakres dziedzin tematycznych od in\u017cynierii i ICT po nauki przyrodnicze i spo\u0142eczne, medycyn\u0119 i nauki humanistyczne. Na Uniwersytecie studiuje obecnie oko\u0142o 12 000 student\u00f3w, kt\u00f3rzy zdobywaj\u0105 stopnie licencjackie, magisterskie i doktoranckie na 55 kierunkach i 24 dziedzinach wiedzy. Obecnie na SumDU studiuje oko\u0142o 2000 student\u00f3w zagranicznych z 50 kraj\u00f3w \u015bwiata. 15 program\u00f3w studi\u00f3w prowadzonych jest w ca\u0142o\u015bci w j\u0119zyku angielskim. SSU posiada Laboratorium VR i AR SSU, Laboratorium AI, e-learning. Dzi\u0119ki temu SSU ma unikalne do\u015bwiadczenie w tworzeniu i wykorzystywaniu technologii AI, VR, AR w procesach edukacyjnych.<\/p><p><strong>\u0179r\u00f3d\u0142o informacji:\u00a0<\/strong><\/p><p><a href=\"https:\/\/int.sumdu.edu.ua\/en\/\">https:\/\/int.sumdu.edu.ua\/en\/<\/a><\/p><p><img loading=\"lazy\" decoding=\"async\" class=\"alignnone wp-image-417 size-full\" src=\"https:\/\/eibe.org.pl\/wp-content\/uploads\/2024\/10\/SUMYSU-1-300x300-1.jpg\" alt=\"\" width=\"300\" height=\"300\" srcset=\"https:\/\/eibe.org.pl\/wp-content\/uploads\/2024\/10\/SUMYSU-1-300x300-1.jpg 300w, https:\/\/eibe.org.pl\/wp-content\/uploads\/2024\/10\/SUMYSU-1-300x300-1-150x150.jpg 150w, https:\/\/eibe.org.pl\/wp-content\/uploads\/2024\/10\/SUMYSU-1-300x300-1-12x12.jpg 12w\" sizes=\"(max-width: 300px) 100vw, 300px\" \/><\/p>\t\t\t\t\t\t<\/div>\n\t\t\t\t<\/div>\n\t\t\t\t\t<\/div>\n\t\t\t\t<\/div>\n\t\t<div class=\"elementor-element elementor-element-01cadb4 e-flex e-con-boxed e-con e-parent\" data-id=\"01cadb4\" data-element_type=\"container\">\n\t\t\t\t\t<div class=\"e-con-inner\">\n\t\t\t\t<div class=\"elementor-element elementor-element-cb78cac elementor-widget elementor-widget-spacer\" data-id=\"cb78cac\" data-element_type=\"widget\" data-widget_type=\"spacer.default\">\n\t\t\t\t<div class=\"elementor-widget-container\">\n\t\t\t\t\t<div class=\"elementor-spacer\">\n\t\t\t<div class=\"elementor-spacer-inner\"><\/div>\n\t\t<\/div>\n\t\t\t\t<\/div>\n\t\t\t\t<\/div>\n\t\t\t\t<div class=\"elementor-element elementor-element-219905d elementor-widget elementor-widget-text-editor\" data-id=\"219905d\" data-element_type=\"widget\" data-widget_type=\"text-editor.default\">\n\t\t\t\t<div class=\"elementor-widget-container\">\n\t\t\t\t\t\t\t<h4 class=\"elementor-heading-title elementor-size-default elementor-inline-editing pen\" data-elementor-setting-key=\"title\" data-pen-placeholder=\"Pisz tutaj...\">Mu\u011fla S\u0131tk\u0131 Ko\u00e7man University (MSKU)<\/h4><p>\u00a0<\/p><p>Uniwersytet Mu\u011fla S\u0131tk\u0131 Ko\u00e7man (MSKU) powsta\u0142 w 1992 roku jako uniwersytet pa\u0144stwowy. W ci\u0105gu trzech dekad uniwersytet rozr\u00f3s\u0142 si\u0119 i obejmuje 20 wydzia\u0142\u00f3w, 4 szko\u0142y wy\u017csze, 16 szk\u00f3\u0142 zawodowych oraz 47 o\u015brodk\u00f3w badawczych i aplikacyjnych. Od samego pocz\u0105tku MSKU d\u0105\u017cy do zapewnienia wysokiej jako\u015bci szkolnictwa wy\u017cszego i bada\u0144, aby przyczyni\u0107 si\u0119 do rozwoju spo\u0142eczno-kulturowego, naukowego i technologicznego Turcji, obs\u0142uguj\u0105c ponad 45 000 student\u00f3w i zatrudniaj\u0105c ponad 1600 pe\u0142noetatowych pracownik\u00f3w akademickich.<\/p><p><strong>\u0179r\u00f3d\u0142o informacji:\u00a0<\/strong><\/p><p><a href=\"http:\/\/www.mu.edu.tr\" target=\"_blank\" rel=\"noopener\">http:\/\/www.mu.edu.tr<\/a><\/p><p><img loading=\"lazy\" decoding=\"async\" class=\"alignnone wp-image-422 size-medium\" src=\"https:\/\/eibe.org.pl\/wp-content\/uploads\/2024\/10\/MSKU-Mugla-2-300x286.png\" alt=\"\" width=\"300\" height=\"286\" srcset=\"https:\/\/eibe.org.pl\/wp-content\/uploads\/2024\/10\/MSKU-Mugla-2-300x286.png 300w, https:\/\/eibe.org.pl\/wp-content\/uploads\/2024\/10\/MSKU-Mugla-2-13x12.png 13w, https:\/\/eibe.org.pl\/wp-content\/uploads\/2024\/10\/MSKU-Mugla-2.png 422w\" sizes=\"(max-width: 300px) 100vw, 300px\" \/><\/p>\t\t\t\t\t\t<\/div>\n\t\t\t\t<\/div>\n\t\t\t\t<div class=\"elementor-element elementor-element-a911fc3 elementor-widget elementor-widget-spacer\" data-id=\"a911fc3\" data-element_type=\"widget\" data-widget_type=\"spacer.default\">\n\t\t\t\t<div class=\"elementor-widget-container\">\n\t\t\t\t\t<div class=\"elementor-spacer\">\n\t\t\t<div class=\"elementor-spacer-inner\"><\/div>\n\t\t<\/div>\n\t\t\t\t<\/div>\n\t\t\t\t<\/div>\n\t\t\t\t<div class=\"elementor-element elementor-element-25caa05 elementor-widget elementor-widget-text-editor\" data-id=\"25caa05\" data-element_type=\"widget\" data-widget_type=\"text-editor.default\">\n\t\t\t\t<div class=\"elementor-widget-container\">\n\t\t\t\t\t\t\t<div class=\"page\" title=\"Page 10\"><h4><strong>KARABEKIR ILKOKULU<\/strong>\u00a0<\/h4><p>\u00a0<\/p><p>Szko\u0142a Podstawowa Karabekir, kt\u00f3ra rozpocz\u0119\u0142a dzia\u0142alno\u015b\u0107 edukacyjn\u0105 w 1944 r., jest jednym z najstarszych i najbardziej zabytkowych budynk\u00f3w w naszym rejonie.<\/p><\/div><div class=\"page\" title=\"Page 10\"><div class=\"layoutArea\"><div class=\"column\"><p>Kamienny budynek, zbudowany w 1891 roku, by\u0142 wcze\u015bniej u\u017cywany jako o\u015brodek zdrowia. Po 1944 roku by\u0142 u\u017cywany jako Karabekir Primary School. Historyczny kamienny budynek naszej szko\u0142y zosta\u0142 odrestaurowany w 2003 roku. Niekt\u00f3re sale lekcyjne zosta\u0142y po\u0142\u0105czone i przekszta\u0142cone w sal\u0119 konferencyjn\u0105. Nasza szko\u0142a prowadzi w tej sali zaj\u0119cia spo\u0142eczne. W naszej szkole p\u00f3\u0142dniowa edukacja przedszkolna jest zapewniona 31 uczniom w wieku 5-6 lat. 345 uczni\u00f3w w wieku 7-10 lat otrzymuje szkolenie z zakresu nauk przyrodniczych, umiej\u0119tno\u015bci \u017cyciowych, j\u0119zyka tureckiego, matematyki, sztuk wizualnych, wychowania fizycznego, obywatelstwa i zasad spo\u0142ecznych zgodnie z podstawowym programem nauczania.<\/p><\/div><\/div><\/div><p><strong>\u0179r\u00f3d\u0142o informacji:\u00a0<\/strong><\/p><div class=\"page\" title=\"Page 10\"><div class=\"layoutArea\"><div class=\"column\"><p><a href=\"http:\/\/karabekirilkokulu.meb.k12.tr\">www.mebk12.meb.gov.tr<\/a><\/p><\/div><\/div><\/div><p><img loading=\"lazy\" decoding=\"async\" class=\"alignnone wp-image-580 size-large\" src=\"https:\/\/eibe.org.pl\/wp-content\/uploads\/2024\/12\/23125709_oltumemyataylogo.png-1024x342.png\" alt=\"\" width=\"1024\" height=\"342\" srcset=\"https:\/\/eibe.org.pl\/wp-content\/uploads\/2024\/12\/23125709_oltumemyataylogo.png-1024x342.png 1024w, https:\/\/eibe.org.pl\/wp-content\/uploads\/2024\/12\/23125709_oltumemyataylogo.png-300x100.png 300w, https:\/\/eibe.org.pl\/wp-content\/uploads\/2024\/12\/23125709_oltumemyataylogo.png-768x256.png 768w, https:\/\/eibe.org.pl\/wp-content\/uploads\/2024\/12\/23125709_oltumemyataylogo.png-1536x513.png 1536w, https:\/\/eibe.org.pl\/wp-content\/uploads\/2024\/12\/23125709_oltumemyataylogo.png-2048x684.png 2048w, https:\/\/eibe.org.pl\/wp-content\/uploads\/2024\/12\/23125709_oltumemyataylogo.png-18x6.png 18w\" sizes=\"(max-width: 1024px) 100vw, 1024px\" \/><\/p>\t\t\t\t\t\t<\/div>\n\t\t\t\t<\/div>\n\t\t\t\t\t<\/div>\n\t\t\t\t<\/div>\n\t\t\t\t<\/div>","protected":false},"excerpt":{"rendered":"<p>PARTNERS COOPERATION Research on Education in Business and Technology. Eastern Partnership The Eastern Partnership (EaP) is the external policy of the European Union, implemented within the framework of the European Neighbourhood Policy, addressed to six countries: Armenia, Azerbaijan, Belarus, Georgia, Moldova and Ukraine. The main initiators of the creation of the EaP as a structured&hellip;<\/p>","protected":false},"author":1,"featured_media":0,"parent":0,"menu_order":0,"comment_status":"closed","ping_status":"closed","template":"","meta":{"footnotes":""},"class_list":["post-365","page","type-page","status-publish","hentry"],"_links":{"self":[{"href":"https:\/\/eibe.org.pl\/pl\/index.php?rest_route=\/wp\/v2\/pages\/365","targetHints":{"allow":["GET"]}}],"collection":[{"href":"https:\/\/eibe.org.pl\/pl\/index.php?rest_route=\/wp\/v2\/pages"}],"about":[{"href":"https:\/\/eibe.org.pl\/pl\/index.php?rest_route=\/wp\/v2\/types\/page"}],"author":[{"embeddable":true,"href":"https:\/\/eibe.org.pl\/pl\/index.php?rest_route=\/wp\/v2\/users\/1"}],"replies":[{"embeddable":true,"href":"https:\/\/eibe.org.pl\/pl\/index.php?rest_route=%2Fwp%2Fv2%2Fcomments&post=365"}],"version-history":[{"count":5,"href":"https:\/\/eibe.org.pl\/pl\/index.php?rest_route=\/wp\/v2\/pages\/365\/revisions"}],"predecessor-version":[{"id":588,"href":"https:\/\/eibe.org.pl\/pl\/index.php?rest_route=\/wp\/v2\/pages\/365\/revisions\/588"}],"wp:attachment":[{"href":"https:\/\/eibe.org.pl\/pl\/index.php?rest_route=%2Fwp%2Fv2%2Fmedia&parent=365"}],"curies":[{"name":"wp","href":"https:\/\/api.w.org\/{rel}","templated":true}]}}